{"id":4168,"date":"2026-04-08T18:08:28","date_gmt":"2026-04-08T16:08:28","guid":{"rendered":"https:\/\/mallorca-portal.com\/events\/mercado-semanal-de-petra\/"},"modified":"2026-04-08T18:08:28","modified_gmt":"2026-04-08T16:08:28","slug":"mercado-semanal-de-petra","status":"publish","type":"mec-events","link":"https:\/\/mallorca-portal.com\/es\/events\/mercado-semanal-de-petra\/","title":{"rendered":"Mercado semanal de Petra"},"content":{"rendered":"<p>El mercado semanal de Petra es un mercado rural tradicional y aut\u00e9ntico situado en el coraz\u00f3n agr\u00edcola de Mallorca. Esta tranquila localidad es conocida sobre todo por ser el lugar de nacimiento de Jun\u00edper Serra, el monje franciscano que fund\u00f3 las misiones californianas en el siglo XVIII. Los d\u00edas de mercado, Petra muestra su lado m\u00e1s animado y rural.<\/p>\n<h2>\u00bfQu\u00e9 se puede encontrar en el mercado semanal de Petra?<\/h2>\n<p>El mercado es peque\u00f1o y est\u00e1 dirigido principalmente a los vecinos, lo que le confiere su car\u00e1cter aut\u00e9ntico y genuino. Los agricultores de los alrededores ofrecen fruta y verdura fresca directamente de las tierras de la f\u00e9rtil llanura. A ello se suman productos alimenticios mallorquines, textiles, artesan\u00eda y plantas. Si quieres descubrir la Mallorca rural, lejos de las multitudes de turistas, este es tu sitio.<\/p>\n<h2>\u00bfCu\u00e1ndo y d\u00f3nde?<\/h2>\n<p>El mercado semanal de Petra tiene lugar todos los mi\u00e9rcoles, de 9:00 a 13:00 horas aproximadamente, en los alrededores de la Pla\u00e7a del Rector Rub\u00ed y las calles colindantes del centro del pueblo. Muy cerca se encuentran las conocidas Pla\u00e7a Ramon Llull y Pla\u00e7a Fra Jun\u00edper Serra, con cafeter\u00edas y restaurantes.<\/p>\n<h2>C\u00f3mo llegar y aparcar<\/h2>\n<p>Petra se encuentra en el centro de la isla, a unos 40 minutos en coche de Palma. Se puede llegar f\u00e1cilmente por las carreteras comarcales; a lo largo de las calles y en las afueras del pueblo suele ser f\u00e1cil encontrar aparcamiento. La l\u00ednea de tren Palma\u2013Manacor tambi\u00e9n tiene parada en Petra, por lo que es posible llegar sin coche.<\/p>\n<h2>Consejo para tu visita al mercado<\/h2>\n<p>Despu\u00e9s de dar una vuelta por el mercado, t\u00f3mate tu tiempo para visitar la casa natal de Jun\u00edper Serra y el peque\u00f1o museo que rinde homenaje al ilustre hijo de la ciudad. Una parada en una cafeter\u00eda de alguna de las tranquilas plazas y un paseo por las callejuelas de color miel completar\u00e1n esta excursi\u00f3n al coraz\u00f3n m\u00e1s aut\u00e9ntico de la isla.<\/p>\n<h2>Preguntas frecuentes sobre el mercado semanal de Petra<\/h2>\n<h3>\u00bfCu\u00e1ndo se celebra el mercado semanal de Petra?<\/h3>\n<p>El mercado tiene lugar todos los mi\u00e9rcoles, aproximadamente de 9:00 a 13:00, en los alrededores de la Pla\u00e7a del Rector Rub\u00ed, en el centro de Petra.<\/p>\n<h3>\u00bfQu\u00e9 se vende en el mercado de Petra?<\/h3>\n<p>Sobre todo fruta y verdura fresca directamente de los agricultores de la zona, adem\u00e1s de productos alimenticios mallorquines, textiles, artesan\u00eda y plantas.<\/p>\n<h3>\u00bfQu\u00e9 hace que Petra sea especial?<\/h3>\n<p>Petra es el lugar de nacimiento de Jun\u00edper Serra, fundador de las misiones californianas. Adem\u00e1s del aut\u00e9ntico mercado del pueblo, merece la pena visitar su casa natal y el museo dedicado a su vida.<\/p>\n","protected":false},"excerpt":{"rendered":"<p>El mercado semanal de Petra es un mercado rural tradicional y aut\u00e9ntico situado en el coraz\u00f3n agr\u00edcola de Mallorca. Esta tranquila localidad es conocida sobre todo por ser el lugar de nacimiento de Jun\u00edper Serra, el monje franciscano que fund\u00f3 las misiones californianas en el siglo XVIII. Los d\u00edas de mercado, Petra muestra su lado<\/p>\n","protected":false},"author":0,"featured_media":0,"comment_status":"open","ping_status":"closed","template":"","tags":[],"mec_category":[678],"class_list":["post-4168","mec-events","type-mec-events","status-publish","hentry","mec_category-mercados-semanales"],"_links":{"self":[{"href":"https:\/\/mallorca-portal.com\/es\/wp-json\/wp\/v2\/mec-events\/4168","targetHints":{"allow":["GET"]}}],"collection":[{"href":"https:\/\/mallorca-portal.com\/es\/wp-json\/wp\/v2\/mec-events"}],"about":[{"href":"https:\/\/mallorca-portal.com\/es\/wp-json\/wp\/v2\/types\/mec-events"}],"replies":[{"embeddable":true,"href":"https:\/\/mallorca-portal.com\/es\/wp-json\/wp\/v2\/comments?post=4168"}],"wp:attachment":[{"href":"https:\/\/mallorca-portal.com\/es\/wp-json\/wp\/v2\/media?parent=4168"}],"wp:term":[{"taxonomy":"post_tag","embeddable":true,"href":"https:\/\/mallorca-portal.com\/es\/wp-json\/wp\/v2\/tags?post=4168"},{"taxonomy":"mec_category","embeddable":true,"href":"https:\/\/mallorca-portal.com\/es\/wp-json\/wp\/v2\/mec_category?post=4168"}],"curies":[{"name":"wp","href":"https:\/\/api.w.org\/{rel}","templated":true}]}}