{"id":4174,"date":"2026-04-08T18:08:28","date_gmt":"2026-04-08T16:08:28","guid":{"rendered":"https:\/\/mallorca-portal.com\/events\/mercado-semanal-de-vilafranca-de-bonany\/"},"modified":"2026-04-08T18:08:28","modified_gmt":"2026-04-08T16:08:28","slug":"mercado-semanal-de-vilafranca-de-bonany","status":"publish","type":"mec-events","link":"https:\/\/mallorca-portal.com\/es\/events\/mercado-semanal-de-vilafranca-de-bonany\/","title":{"rendered":"Mercado semanal de Vilafranca de Bonany"},"content":{"rendered":"<p>El mercado semanal de Vilafranca de Bonany es un mercado rural aut\u00e9ntico y tradicional situado en el coraz\u00f3n agr\u00edcola de Mallorca. Esta localidad, situada en la carretera que une Palma con Manacor, es conocida en la isla sobre todo por sus melones especialmente dulces y sus productos agr\u00edcolas. Si quieres descubrir el sabor aut\u00e9ntico de Mallorca, este es el lugar ideal.<\/p>\n<h2>\u00bfQu\u00e9 se puede encontrar en el mercado semanal de Vilafranca de Bonany?<\/h2>\n<p>Lo m\u00e1s destacado son las frutas y verduras frescas, directamente de los agricultores de los f\u00e9rtiles alrededores; dependiendo de la temporada, tambi\u00e9n se pueden encontrar los famosos melones, por los que la localidad es conocida mucho m\u00e1s all\u00e1 de los l\u00edmites del municipio. Adem\u00e1s, encontrar\u00e1s productos alimenticios mallorquines, textiles, artesan\u00eda y plantas. El mercado ha conservado su car\u00e1cter rural y aut\u00e9ntico.<\/p>\n<h2>\u00bfCu\u00e1ndo y d\u00f3nde?<\/h2>\n<p>El mercado semanal de Vilafranca de Bonany tiene lugar todos los mi\u00e9rcoles, de 9:00 a 13:00 horas aproximadamente, en los alrededores de la Pla\u00e7a Major, en el centro del pueblo. Este mercado, de tama\u00f1o reducido, est\u00e1 dirigido principalmente a los vecinos de la localidad, aunque en temporada tambi\u00e9n atrae a visitantes interesados.<\/p>\n<h2>C\u00f3mo llegar y aparcar<\/h2>\n<p>Vilafranca de Bonany se encuentra en el centro del interior de la isla, en la carretera principal MA-15 entre Palma y Manacor, a unos 40 minutos en coche de Palma. Por ello, es muy f\u00e1cil llegar al pueblo; por lo general, no tendr\u00e1s problemas para encontrar aparcamiento a lo largo de las calles y en las afueras.<\/p>\n<h2>Consejo para tu visita al mercado<\/h2>\n<p>A finales de verano, no te pierdas los famosos melones: a principios de septiembre, Vilafranca celebra incluso su propia fiesta del mel\u00f3n, la Fira del Mel\u00f3, con un concurso para elegir el mel\u00f3n mallorqu\u00edn m\u00e1s grande. Adem\u00e1s, a lo largo de las carreteras que rodean el pueblo, los agricultores suelen vender sus melones y productos de la huerta directamente desde sus parcelas.<\/p>\n<h2>Preguntas frecuentes sobre el mercado semanal de Vilafranca de Bonany<\/h2>\n<h3>\u00bfCu\u00e1ndo se celebra el mercado semanal de Vilafranca de Bonany?<\/h3>\n<p>El mercado tiene lugar todos los mi\u00e9rcoles, de 9:00 a 13:00 aproximadamente, en los alrededores de la Pla\u00e7a Major, en el centro de Vilafranca de Bonany.<\/p>\n<h3>\u00bfQu\u00e9 se vende en el mercado de Vilafranca de Bonany?<\/h3>\n<p>Sobre todo fruta y verdura fresca de la regi\u00f3n, en temporada los famosos melones, adem\u00e1s de productos alimenticios mallorquines, textiles, artesan\u00eda y plantas.<\/p>\n<h3>\u00bfPor qu\u00e9 es conocida Vilafranca de Bonany?<\/h3>\n<p>Esta localidad es conocida en Mallorca sobre todo por sus melones de miel, especialmente dulces, y por sus productos agr\u00edcolas. Adem\u00e1s, cada a\u00f1o, a principios de septiembre, se celebra la Fira del Mel\u00f3, la fiesta del mel\u00f3n.<\/p>\n","protected":false},"excerpt":{"rendered":"<p>El mercado semanal de Vilafranca de Bonany es un mercado rural aut\u00e9ntico y tradicional situado en el coraz\u00f3n agr\u00edcola de Mallorca. Esta localidad, situada en la carretera que une Palma con Manacor, es conocida en la isla sobre todo por sus melones especialmente dulces y sus productos agr\u00edcolas. Si quieres descubrir el sabor aut\u00e9ntico de<\/p>\n","protected":false},"author":0,"featured_media":0,"comment_status":"open","ping_status":"closed","template":"","tags":[],"mec_category":[678],"class_list":["post-4174","mec-events","type-mec-events","status-publish","hentry","mec_category-mercados-semanales"],"_links":{"self":[{"href":"https:\/\/mallorca-portal.com\/es\/wp-json\/wp\/v2\/mec-events\/4174","targetHints":{"allow":["GET"]}}],"collection":[{"href":"https:\/\/mallorca-portal.com\/es\/wp-json\/wp\/v2\/mec-events"}],"about":[{"href":"https:\/\/mallorca-portal.com\/es\/wp-json\/wp\/v2\/types\/mec-events"}],"replies":[{"embeddable":true,"href":"https:\/\/mallorca-portal.com\/es\/wp-json\/wp\/v2\/comments?post=4174"}],"wp:attachment":[{"href":"https:\/\/mallorca-portal.com\/es\/wp-json\/wp\/v2\/media?parent=4174"}],"wp:term":[{"taxonomy":"post_tag","embeddable":true,"href":"https:\/\/mallorca-portal.com\/es\/wp-json\/wp\/v2\/tags?post=4174"},{"taxonomy":"mec_category","embeddable":true,"href":"https:\/\/mallorca-portal.com\/es\/wp-json\/wp\/v2\/mec_category?post=4174"}],"curies":[{"name":"wp","href":"https:\/\/api.w.org\/{rel}","templated":true}]}}